{"id":9986,"date":"2022-01-10T14:50:48","date_gmt":"2022-01-10T14:50:48","guid":{"rendered":"https:\/\/www.dinamicaballet.com\/?page_id=9986"},"modified":"2025-07-25T14:42:02","modified_gmt":"2025-07-25T13:42:02","slug":"progetti","status":"publish","type":"page","link":"https:\/\/www.dinamicaballet.com\/it\/progetti\/","title":{"rendered":"Progetti"},"content":{"rendered":"<style>.kb-row-layout-id9986_56e5b8-3b > .kt-row-column-wrap{align-content:start;}:where(.kb-row-layout-id9986_56e5b8-3b > .kt-row-column-wrap) > .wp-block-kadence-column{justify-content:start;}.kb-row-layout-id9986_56e5b8-3b > .kt-row-column-wrap{column-gap:var(--global-kb-gap-md, 2rem);row-gap:var(--global-kb-gap-md, 2rem);padding-top:var(--global-kb-spacing-sm, 1.5rem);padding-bottom:var(--global-kb-spacing-sm, 1.5rem);grid-template-columns:minmax(0, 2fr) minmax(0, 1fr);}.kb-row-layout-id9986_56e5b8-3b > .kt-row-layout-overlay{opacity:0.30;}@media all and (max-width: 1024px){.kb-row-layout-id9986_56e5b8-3b > .kt-row-column-wrap{grid-template-columns:minmax(0, 2fr) minmax(0, 1fr);}}@media all and (max-width: 767px){.kb-row-layout-id9986_56e5b8-3b > .kt-row-column-wrap{grid-template-columns:minmax(0, 1fr);}}<\/style><div class=\"kb-row-layout-wrap kb-row-layout-id9986_56e5b8-3b alignnone animated fadeInUp slow wp-block-kadence-rowlayout\"><div class=\"kt-row-column-wrap kt-has-2-columns kt-row-layout-left-golden kt-tab-layout-inherit kt-mobile-layout-row kt-row-valign-top\">\n<style>.kadence-column9986_db0471-d2 > .kt-inside-inner-col,.kadence-column9986_db0471-d2 > .kt-inside-inner-col:before{border-top-left-radius:0px;border-top-right-radius:0px;border-bottom-right-radius:0px;border-bottom-left-radius:0px;}.kadence-column9986_db0471-d2 > .kt-inside-inner-col{column-gap:var(--global-kb-gap-sm, 1rem);}.kadence-column9986_db0471-d2 > .kt-inside-inner-col{flex-direction:column;}.kadence-column9986_db0471-d2 > .kt-inside-inner-col > .aligncenter{width:100%;}.kadence-column9986_db0471-d2 > .kt-inside-inner-col:before{opacity:0.3;}.kadence-column9986_db0471-d2{position:relative;}@media all and (max-width: 1024px){.kadence-column9986_db0471-d2 > .kt-inside-inner-col{flex-direction:column;justify-content:center;}}@media all and (max-width: 767px){.kadence-column9986_db0471-d2 > .kt-inside-inner-col{flex-direction:column;justify-content:center;}}<\/style>\n<div class=\"wp-block-kadence-column kadence-column9986_db0471-d2 inner-column-1\"><div class=\"kt-inside-inner-col\">\n<h1 class=\"wp-block-heading\">Progetti realizzati<\/h1>\n\n\n\n<p>Siamo orgogliosi di lavorare con clienti in pi\u00f9 di 50 paesi, da rinomate compagnie di danza a piccoli studi, ma anche teatri, opere, universit\u00e0 o centri sportivi.<\/p>\n<\/div><\/div>\n\n\n<style>.kadence-column9986_eca42b-bb > .kt-inside-inner-col,.kadence-column9986_eca42b-bb > .kt-inside-inner-col:before{border-top-left-radius:0px;border-top-right-radius:0px;border-bottom-right-radius:0px;border-bottom-left-radius:0px;}.kadence-column9986_eca42b-bb > .kt-inside-inner-col{column-gap:var(--global-kb-gap-sm, 1rem);}.kadence-column9986_eca42b-bb > .kt-inside-inner-col{flex-direction:column;}.kadence-column9986_eca42b-bb > .kt-inside-inner-col > .aligncenter{width:100%;}.kadence-column9986_eca42b-bb > .kt-inside-inner-col:before{opacity:0.3;}.kadence-column9986_eca42b-bb{position:relative;}@media all and (max-width: 1024px){.kadence-column9986_eca42b-bb > .kt-inside-inner-col{flex-direction:column;justify-content:center;}}@media all and (max-width: 767px){.kadence-column9986_eca42b-bb > .kt-inside-inner-col{flex-direction:column;justify-content:center;}}<\/style>\n<div class=\"wp-block-kadence-column kadence-column9986_eca42b-bb inner-column-2\"><div class=\"kt-inside-inner-col\"><\/div><\/div>\n\n<\/div><\/div>\n\n<style>.kb-row-layout-wrap.wp-block-kadence-rowlayout.kb-row-layout-id9986_fce98b-ef{margin-top:0px;margin-bottom:0px;}.kb-row-layout-id9986_fce98b-ef > .kt-row-column-wrap{align-content:start;}:where(.kb-row-layout-id9986_fce98b-ef > .kt-row-column-wrap) > .wp-block-kadence-column{justify-content:start;}.kb-row-layout-id9986_fce98b-ef > .kt-row-column-wrap{column-gap:var(--global-kb-gap-sm, 1rem);row-gap:var(--global-kb-gap-md, 2rem);max-width:98%;margin-left:auto;margin-right:auto;padding-top:0px;padding-bottom:0px;grid-template-columns:minmax(0, 1fr);}.kb-row-layout-id9986_fce98b-ef > .kt-row-layout-overlay{opacity:0.30;}@media all and (max-width: 1024px){.kb-row-layout-id9986_fce98b-ef > .kt-row-column-wrap{grid-template-columns:minmax(0, 1fr);}}@media all and (max-width: 767px){.kb-row-layout-id9986_fce98b-ef > .kt-row-column-wrap{grid-template-columns:minmax(0, 1fr);}}<\/style><div class=\"kb-row-layout-wrap kb-row-layout-id9986_fce98b-ef aligncenter header_blocks animated fadeInUp slow wp-block-kadence-rowlayout\"><div class=\"kt-row-column-wrap kt-has-1-columns kt-row-layout-equal kt-tab-layout-inherit kt-mobile-layout-row kt-row-valign-top\">\n<style>.kadence-column9986_29b296-3a > .kt-inside-inner-col,.kadence-column9986_29b296-3a > .kt-inside-inner-col:before{border-top-left-radius:0px;border-top-right-radius:0px;border-bottom-right-radius:0px;border-bottom-left-radius:0px;}.kadence-column9986_29b296-3a > .kt-inside-inner-col{column-gap:var(--global-kb-gap-sm, 1rem);}.kadence-column9986_29b296-3a > .kt-inside-inner-col{flex-direction:column;}.kadence-column9986_29b296-3a > .kt-inside-inner-col > .aligncenter{width:100%;}.kadence-column9986_29b296-3a > .kt-inside-inner-col:before{opacity:0.3;}.kadence-column9986_29b296-3a{position:relative;}@media all and (max-width: 1024px){.kadence-column9986_29b296-3a > .kt-inside-inner-col{flex-direction:column;justify-content:center;}}@media all and (max-width: 767px){.kadence-column9986_29b296-3a > .kt-inside-inner-col{flex-direction:column;justify-content:center;}}<\/style>\n<div class=\"wp-block-kadence-column kadence-column9986_29b296-3a inner-column-1\"><div class=\"kt-inside-inner-col\">\n<div class=\"wp-block-cover has-custom-content-position is-position-center-right product_block_01 projects_bg ek-linked-block\" style=\"min-height:574px;aspect-ratio:unset;\"><img loading=\"lazy\" decoding=\"async\" width=\"1294\" height=\"571\" class=\"wp-block-cover__image-background wp-image-4067\" alt=\"\" src=\"https:\/\/www.dinamicaballet.com\/wp-content\/uploads\/2021\/07\/dinamica_destacado_ucraina_di_balletto.jpg\" style=\"object-position:100% 51%\" data-object-fit=\"cover\" data-object-position=\"100% 51%\" srcset=\"https:\/\/www.dinamicaballet.com\/wp-content\/uploads\/2021\/07\/dinamica_destacado_ucraina_di_balletto.jpg 1294w, https:\/\/www.dinamicaballet.com\/wp-content\/uploads\/2021\/07\/dinamica_destacado_ucraina_di_balletto-300x132.jpg 300w, https:\/\/www.dinamicaballet.com\/wp-content\/uploads\/2021\/07\/dinamica_destacado_ucraina_di_balletto-1024x452.jpg 1024w, https:\/\/www.dinamicaballet.com\/wp-content\/uploads\/2021\/07\/dinamica_destacado_ucraina_di_balletto-768x339.jpg 768w, https:\/\/www.dinamicaballet.com\/wp-content\/uploads\/2021\/07\/dinamica_destacado_ucraina_di_balletto-1200x530.jpg 1200w, https:\/\/www.dinamicaballet.com\/wp-content\/uploads\/2021\/07\/dinamica_destacado_ucraina_di_balletto-600x265.jpg 600w\" sizes=\"auto, (max-width: 1294px) 100vw, 1294px\" \/><span aria-hidden=\"true\" class=\"wp-block-cover__background has-background-dim-0 has-background-dim\"><\/span><div class=\"wp-block-cover__inner-container is-layout-flow wp-block-cover-is-layout-flow\">\n<div style=\"background-color:#fff2d5\" class=\"wp-block-genesis-blocks-gb-container header_content_01 content_block_img gb-block-container\"><div class=\"gb-container-inside\"><div class=\"gb-container-content\">\n<p>Progetti realizzati<\/p>\n\n\n\n<h2 class=\"wp-block-heading\">Accademia Ucraina di Balletto<\/h2>\n\n\n\n<p><\/p>\n<\/div><\/div><\/div>\n\n\n\n<p><\/p>\n<\/div><a href=\"https:\/\/www.dinamicaballet.com\/it\/accademia-ucraina-di-balletto\/\" class=\"editorskit-block-link\" rel=\"\"><\/a><\/div>\n\n\n<section class=\"gb-block-post-grid featuredpost aligncenter home_projects\"><div class=\"gb-post-grid-items is-grid columns-2\"><article id=\"post-107294\" class=\"gb-post-grid-item post-107294 post type-post status-publish format-standard has-post-thumbnail hentry category-progetti-di-successo with-featured-image\"><div class=\"gb-block-post-grid-image\"><a href=\"https:\/\/www.dinamicaballet.com\/it\/danza-clasica-no-under-40\/\" rel=\"bookmark\" aria-hidden=\"true\" tabindex=\"-1\"><img loading=\"lazy\" decoding=\"async\" width=\"900\" height=\"600\" src=\"https:\/\/www.dinamicaballet.com\/wp-content\/uploads\/2026\/04\/Danza-Clasica-No-Under-40_-un-nuevo-espacio-en-Barcelona-equipado-con-barras-de-ballet-ISA-2.jpg\" class=\"attachment-full size-full\" alt=\"\" srcset=\"https:\/\/www.dinamicaballet.com\/wp-content\/uploads\/2026\/04\/Danza-Clasica-No-Under-40_-un-nuevo-espacio-en-Barcelona-equipado-con-barras-de-ballet-ISA-2.jpg 900w, https:\/\/www.dinamicaballet.com\/wp-content\/uploads\/2026\/04\/Danza-Clasica-No-Under-40_-un-nuevo-espacio-en-Barcelona-equipado-con-barras-de-ballet-ISA-2-300x200.jpg 300w, https:\/\/www.dinamicaballet.com\/wp-content\/uploads\/2026\/04\/Danza-Clasica-No-Under-40_-un-nuevo-espacio-en-Barcelona-equipado-con-barras-de-ballet-ISA-2-768x512.jpg 768w, https:\/\/www.dinamicaballet.com\/wp-content\/uploads\/2026\/04\/Danza-Clasica-No-Under-40_-un-nuevo-espacio-en-Barcelona-equipado-con-barras-de-ballet-ISA-2-600x400.jpg 600w, https:\/\/www.dinamicaballet.com\/wp-content\/uploads\/2026\/04\/Danza-Clasica-No-Under-40_-un-nuevo-espacio-en-Barcelona-equipado-con-barras-de-ballet-ISA-2-500x333.jpg 500w, https:\/\/www.dinamicaballet.com\/wp-content\/uploads\/2026\/04\/Danza-Clasica-No-Under-40_-un-nuevo-espacio-en-Barcelona-equipado-con-barras-de-ballet-ISA-2-800x533.jpg 800w\" sizes=\"auto, (max-width: 900px) 100vw, 900px\" \/><\/a><\/div><div class=\"gb-block-post-grid-text\"><header class=\"gb-block-post-grid-header\"><h3 class=\"gb-block-post-grid-title\"><a href=\"https:\/\/www.dinamicaballet.com\/it\/danza-clasica-no-under-40\/\" rel=\"bookmark\">Danza Cl\u00e1sica No Under 40: un nuovo spazio a Barcellona con sbarre da danza ISA<\/a><\/h3><div class=\"gb-block-post-grid-byline\"><\/div><\/header><div class=\"gb-block-post-grid-excerpt\"><p>Il progetto guidato da Alina Quintana \u2014 ballerina con una carriera professionale&hellip;<\/p>\n<p><a class=\"gb-block-post-grid-more-link gb-text-link\" href=\"https:\/\/www.dinamicaballet.com\/it\/danza-clasica-no-under-40\/\" rel=\"bookmark\">Per saperne di pi\u00f9 <span class=\"screen-reader-text\">Danza Cl\u00e1sica No Under 40: un nuovo spazio a Barcellona con sbarre da danza ISA<\/span><\/a><\/p><\/div><\/div><\/article>\n<article id=\"post-11751\" class=\"gb-post-grid-item post-11751 post type-post status-publish format-standard has-post-thumbnail hentry category-progetti-di-successo with-featured-image\"><div class=\"gb-block-post-grid-image\"><a href=\"https:\/\/www.dinamicaballet.com\/it\/balletto-di-roma-progetto\/\" rel=\"bookmark\" aria-hidden=\"true\" tabindex=\"-1\"><img loading=\"lazy\" decoding=\"async\" width=\"1200\" height=\"800\" src=\"https:\/\/www.dinamicaballet.com\/wp-content\/uploads\/2021\/07\/Balleto-Roma.jpg\" class=\"attachment-full size-full\" alt=\"\" srcset=\"https:\/\/www.dinamicaballet.com\/wp-content\/uploads\/2021\/07\/Balleto-Roma.jpg 1200w, https:\/\/www.dinamicaballet.com\/wp-content\/uploads\/2021\/07\/Balleto-Roma-300x200.jpg 300w, https:\/\/www.dinamicaballet.com\/wp-content\/uploads\/2021\/07\/Balleto-Roma-1024x683.jpg 1024w, https:\/\/www.dinamicaballet.com\/wp-content\/uploads\/2021\/07\/Balleto-Roma-768x512.jpg 768w, https:\/\/www.dinamicaballet.com\/wp-content\/uploads\/2021\/07\/Balleto-Roma-500x333.jpg 500w, https:\/\/www.dinamicaballet.com\/wp-content\/uploads\/2021\/07\/Balleto-Roma-800x533.jpg 800w, https:\/\/www.dinamicaballet.com\/wp-content\/uploads\/2021\/07\/Balleto-Roma-600x400.jpg 600w\" sizes=\"auto, (max-width: 1200px) 100vw, 1200px\" \/><\/a><\/div><div class=\"gb-block-post-grid-text\"><header class=\"gb-block-post-grid-header\"><h3 class=\"gb-block-post-grid-title\"><a href=\"https:\/\/www.dinamicaballet.com\/it\/balletto-di-roma-progetto\/\" rel=\"bookmark\">Balletto di Roma<\/a><\/h3><div class=\"gb-block-post-grid-byline\"><\/div><\/header><div class=\"gb-block-post-grid-excerpt\"><p>Il Balletto di Roma nasce grazie a due icone della danza italiana, Franca Bartolomei e Walter Zappolini&#8230;<\/p>\n<p><a class=\"gb-block-post-grid-more-link gb-text-link\" href=\"https:\/\/www.dinamicaballet.com\/it\/balletto-di-roma-progetto\/\" rel=\"bookmark\">Per saperne di pi\u00f9 <span class=\"screen-reader-text\">Balletto di Roma<\/span><\/a><\/p><\/div><\/div><\/article>\n<\/div><\/section><\/div><\/div>\n\n<\/div><\/div>\n\n\n<div style=\"height:149px\" aria-hidden=\"true\" class=\"wp-block-spacer\"><\/div>\n\n\n<section class=\"gb-block-post-grid featuredpost aligncenter page_projects\"><div class=\"gb-post-grid-items is-grid columns-2\"><article id=\"post-104648\" class=\"gb-post-grid-item post-104648 post type-post status-publish format-standard has-post-thumbnail hentry category-progetti-secondari with-featured-image\"><div class=\"gb-block-post-grid-image\"><a href=\"https:\/\/www.dinamicaballet.com\/it\/amikus-benessere-con-la-nostra-sbarra-premium-royale\/\" rel=\"bookmark\" aria-hidden=\"true\" tabindex=\"-1\"><img loading=\"lazy\" decoding=\"async\" width=\"2560\" height=\"1707\" src=\"https:\/\/www.dinamicaballet.com\/wp-content\/uploads\/2025\/10\/Royale-scaled.jpg\" class=\"attachment-full size-full\" alt=\"\" srcset=\"https:\/\/www.dinamicaballet.com\/wp-content\/uploads\/2025\/10\/Royale-scaled.jpg 2560w, https:\/\/www.dinamicaballet.com\/wp-content\/uploads\/2025\/10\/Royale-300x200.jpg 300w, https:\/\/www.dinamicaballet.com\/wp-content\/uploads\/2025\/10\/Royale-1024x683.jpg 1024w, https:\/\/www.dinamicaballet.com\/wp-content\/uploads\/2025\/10\/Royale-768x512.jpg 768w, https:\/\/www.dinamicaballet.com\/wp-content\/uploads\/2025\/10\/Royale-1536x1024.jpg 1536w, https:\/\/www.dinamicaballet.com\/wp-content\/uploads\/2025\/10\/Royale-2048x1365.jpg 2048w, https:\/\/www.dinamicaballet.com\/wp-content\/uploads\/2025\/10\/Royale-1200x800.jpg 1200w, https:\/\/www.dinamicaballet.com\/wp-content\/uploads\/2025\/10\/Royale-600x400.jpg 600w, https:\/\/www.dinamicaballet.com\/wp-content\/uploads\/2025\/10\/Royale-1400x933.jpg 1400w, https:\/\/www.dinamicaballet.com\/wp-content\/uploads\/2025\/10\/Royale-500x333.jpg 500w, https:\/\/www.dinamicaballet.com\/wp-content\/uploads\/2025\/10\/Royale-800x533.jpg 800w, https:\/\/www.dinamicaballet.com\/wp-content\/uploads\/2025\/10\/Royale-1280x853.jpg 1280w, https:\/\/www.dinamicaballet.com\/wp-content\/uploads\/2025\/10\/Royale-1920x1280.jpg 1920w\" sizes=\"auto, (max-width: 2560px) 100vw, 2560px\" \/><\/a><\/div><div class=\"gb-block-post-grid-text\"><header class=\"gb-block-post-grid-header\"><h3 class=\"gb-block-post-grid-title\"><a href=\"https:\/\/www.dinamicaballet.com\/it\/amikus-benessere-con-la-nostra-sbarra-premium-royale\/\" rel=\"bookmark\">AMIKUS: benessere con la nostra sbarra premium Royale<\/a><\/h3><div class=\"gb-block-post-grid-byline\"><\/div><\/header><div class=\"gb-block-post-grid-excerpt\"><p>La Germania \u00e8 un paese in cui le nostre sbarre da danza sono molto apprezzate, non solo dalle scuole di danza e dalle compagnie professionali, ma anche da clienti di altri settori che cercano qualit\u00e0, stabilit\u00e0 e&hellip;<\/p>\n<\/div><\/div><\/article>\n<article id=\"post-103918\" class=\"gb-post-grid-item post-103918 post type-post status-publish format-standard has-post-thumbnail hentry category-progetti-secondari with-featured-image\"><div class=\"gb-block-post-grid-image\"><a href=\"https:\/\/www.dinamicaballet.com\/it\/opera-nazionale-lettone\/\" rel=\"bookmark\" aria-hidden=\"true\" tabindex=\"-1\"><img loading=\"lazy\" decoding=\"async\" width=\"1400\" height=\"933\" src=\"https:\/\/www.dinamicaballet.com\/wp-content\/uploads\/2025\/06\/latvia-national-opera-latvia-travel.jpg\" class=\"attachment-full size-full\" alt=\"Opera Latvia\" srcset=\"https:\/\/www.dinamicaballet.com\/wp-content\/uploads\/2025\/06\/latvia-national-opera-latvia-travel.jpg 1400w, https:\/\/www.dinamicaballet.com\/wp-content\/uploads\/2025\/06\/latvia-national-opera-latvia-travel-300x200.jpg 300w, https:\/\/www.dinamicaballet.com\/wp-content\/uploads\/2025\/06\/latvia-national-opera-latvia-travel-1024x682.jpg 1024w, https:\/\/www.dinamicaballet.com\/wp-content\/uploads\/2025\/06\/latvia-national-opera-latvia-travel-768x512.jpg 768w, https:\/\/www.dinamicaballet.com\/wp-content\/uploads\/2025\/06\/latvia-national-opera-latvia-travel-1200x800.jpg 1200w, https:\/\/www.dinamicaballet.com\/wp-content\/uploads\/2025\/06\/latvia-national-opera-latvia-travel-600x400.jpg 600w, https:\/\/www.dinamicaballet.com\/wp-content\/uploads\/2025\/06\/latvia-national-opera-latvia-travel-500x333.jpg 500w, https:\/\/www.dinamicaballet.com\/wp-content\/uploads\/2025\/06\/latvia-national-opera-latvia-travel-800x533.jpg 800w, https:\/\/www.dinamicaballet.com\/wp-content\/uploads\/2025\/06\/latvia-national-opera-latvia-travel-1280x853.jpg 1280w\" sizes=\"auto, (max-width: 1400px) 100vw, 1400px\" \/><\/a><\/div><div class=\"gb-block-post-grid-text\"><header class=\"gb-block-post-grid-header\"><h3 class=\"gb-block-post-grid-title\"><a href=\"https:\/\/www.dinamicaballet.com\/it\/opera-nazionale-lettone\/\" rel=\"bookmark\">La collaborazione continua: l\u2019Opera Nazionale Lettone sceglie ancora Dinamica Ballet<\/a><\/h3><div class=\"gb-block-post-grid-byline\"><\/div><\/header><div class=\"gb-block-post-grid-excerpt\"><p>L\u2019Opera Nazionale della Lettonia, una delle istituzioni culturali pi\u00f9 rappresentative dei Paesi baltici, promuove l\u2019eccellenza delle arti sceniche dalla sua sede nel cuore di Riga. All\u2019interno della sua struttura artistica, il Balletto Nazionale Lettone si \u00e8 affermato&hellip;<\/p>\n<\/div><\/div><\/article>\n<article id=\"post-103078\" class=\"gb-post-grid-item post-103078 post type-post status-publish format-standard has-post-thumbnail hentry category-progetti-secondari with-featured-image\"><div class=\"gb-block-post-grid-image\"><a href=\"https:\/\/www.dinamicaballet.com\/it\/clinica-miralles-ferrer-infisioterapia-con-le-sbarre-da-danza\/\" rel=\"bookmark\" aria-hidden=\"true\" tabindex=\"-1\"><img loading=\"lazy\" decoding=\"async\" width=\"1200\" height=\"800\" src=\"https:\/\/www.dinamicaballet.com\/wp-content\/uploads\/2025\/04\/Clinica-Miralles-Dinamica-Ballet.png\" class=\"attachment-full size-full\" alt=\"Clinica Miralles Ferrer\" srcset=\"https:\/\/www.dinamicaballet.com\/wp-content\/uploads\/2025\/04\/Clinica-Miralles-Dinamica-Ballet.png 1200w, https:\/\/www.dinamicaballet.com\/wp-content\/uploads\/2025\/04\/Clinica-Miralles-Dinamica-Ballet-300x200.png 300w, https:\/\/www.dinamicaballet.com\/wp-content\/uploads\/2025\/04\/Clinica-Miralles-Dinamica-Ballet-1024x683.png 1024w, https:\/\/www.dinamicaballet.com\/wp-content\/uploads\/2025\/04\/Clinica-Miralles-Dinamica-Ballet-768x512.png 768w, https:\/\/www.dinamicaballet.com\/wp-content\/uploads\/2025\/04\/Clinica-Miralles-Dinamica-Ballet-600x400.png 600w, https:\/\/www.dinamicaballet.com\/wp-content\/uploads\/2025\/04\/Clinica-Miralles-Dinamica-Ballet-500x333.png 500w, https:\/\/www.dinamicaballet.com\/wp-content\/uploads\/2025\/04\/Clinica-Miralles-Dinamica-Ballet-800x533.png 800w\" sizes=\"auto, (max-width: 1200px) 100vw, 1200px\" \/><\/a><\/div><div class=\"gb-block-post-grid-text\"><header class=\"gb-block-post-grid-header\"><h3 class=\"gb-block-post-grid-title\"><a href=\"https:\/\/www.dinamicaballet.com\/it\/clinica-miralles-ferrer-infisioterapia-con-le-sbarre-da-danza\/\" rel=\"bookmark\">Clinica Miralles Ferrer: innovazione della fisioterapia con le sbarre da danza<\/a><\/h3><div class=\"gb-block-post-grid-byline\"><\/div><\/header><div class=\"gb-block-post-grid-excerpt\"><p>Noi di Dinamica Ballet sappiamo bene che le sbarre da danza non sono solo strumenti fondamentali per la pratica della danza, ma rappresentano anche un valido supporto per la riabilitazione e l\u2019allenamento funzionale. Un esempio significativo \u00e8&hellip;<\/p>\n<\/div><\/div><\/article>\n<article id=\"post-102715\" class=\"gb-post-grid-item post-102715 post type-post status-publish format-standard has-post-thumbnail hentry category-progetti-secondari with-featured-image\"><div class=\"gb-block-post-grid-image\"><a href=\"https:\/\/www.dinamicaballet.com\/it\/be-pilates-uno-spazio-di-movimento-forza-ed-equilibrio\/\" rel=\"bookmark\" aria-hidden=\"true\" tabindex=\"-1\"><img loading=\"lazy\" decoding=\"async\" width=\"2560\" height=\"1707\" src=\"https:\/\/www.dinamicaballet.com\/wp-content\/uploads\/2025\/02\/BEPILATES-MARZO-92-min-1-scaled.jpg\" class=\"attachment-full size-full\" alt=\"\" srcset=\"https:\/\/www.dinamicaballet.com\/wp-content\/uploads\/2025\/02\/BEPILATES-MARZO-92-min-1-scaled.jpg 2560w, https:\/\/www.dinamicaballet.com\/wp-content\/uploads\/2025\/02\/BEPILATES-MARZO-92-min-1-300x200.jpg 300w, https:\/\/www.dinamicaballet.com\/wp-content\/uploads\/2025\/02\/BEPILATES-MARZO-92-min-1-1024x683.jpg 1024w, https:\/\/www.dinamicaballet.com\/wp-content\/uploads\/2025\/02\/BEPILATES-MARZO-92-min-1-768x512.jpg 768w, https:\/\/www.dinamicaballet.com\/wp-content\/uploads\/2025\/02\/BEPILATES-MARZO-92-min-1-1536x1024.jpg 1536w, https:\/\/www.dinamicaballet.com\/wp-content\/uploads\/2025\/02\/BEPILATES-MARZO-92-min-1-2048x1365.jpg 2048w, https:\/\/www.dinamicaballet.com\/wp-content\/uploads\/2025\/02\/BEPILATES-MARZO-92-min-1-1200x800.jpg 1200w, https:\/\/www.dinamicaballet.com\/wp-content\/uploads\/2025\/02\/BEPILATES-MARZO-92-min-1-600x400.jpg 600w, https:\/\/www.dinamicaballet.com\/wp-content\/uploads\/2025\/02\/BEPILATES-MARZO-92-min-1-1400x933.jpg 1400w, https:\/\/www.dinamicaballet.com\/wp-content\/uploads\/2025\/02\/BEPILATES-MARZO-92-min-1-500x333.jpg 500w, https:\/\/www.dinamicaballet.com\/wp-content\/uploads\/2025\/02\/BEPILATES-MARZO-92-min-1-800x533.jpg 800w, https:\/\/www.dinamicaballet.com\/wp-content\/uploads\/2025\/02\/BEPILATES-MARZO-92-min-1-1280x853.jpg 1280w, https:\/\/www.dinamicaballet.com\/wp-content\/uploads\/2025\/02\/BEPILATES-MARZO-92-min-1-1920x1280.jpg 1920w\" sizes=\"auto, (max-width: 2560px) 100vw, 2560px\" \/><\/a><\/div><div class=\"gb-block-post-grid-text\"><header class=\"gb-block-post-grid-header\"><h3 class=\"gb-block-post-grid-title\"><a href=\"https:\/\/www.dinamicaballet.com\/it\/be-pilates-uno-spazio-di-movimento-forza-ed-equilibrio\/\" rel=\"bookmark\">Be Pilates: Uno spazio di movimento, forza ed equilibrio<\/a><\/h3><div class=\"gb-block-post-grid-byline\"><\/div><\/header><div class=\"gb-block-post-grid-excerpt\"><p>Nella splendida regione della Cantabria, in Spagna, Be Pilates si sta affermando come un punto di riferimento per il pilates, il barre e l\u2019allenamento funzionale. Questo studio \u00e8 stato progettato per offrire uno spazio in cui il&hellip;<\/p>\n<\/div><\/div><\/article>\n<article id=\"post-101728\" class=\"gb-post-grid-item post-101728 post type-post status-publish format-standard has-post-thumbnail hentry category-progetti-secondari with-featured-image\"><div class=\"gb-block-post-grid-image\"><a href=\"https:\/\/www.dinamicaballet.com\/it\/soulbody-vienna-movimento-consapevole-per-corpo-e-anima\/\" rel=\"bookmark\" aria-hidden=\"true\" tabindex=\"-1\"><img loading=\"lazy\" decoding=\"async\" width=\"1200\" height=\"800\" src=\"https:\/\/www.dinamicaballet.com\/wp-content\/uploads\/2024\/05\/Soulbody-Vienna.jpg\" class=\"attachment-full size-full\" alt=\"\" srcset=\"https:\/\/www.dinamicaballet.com\/wp-content\/uploads\/2024\/05\/Soulbody-Vienna.jpg 1200w, https:\/\/www.dinamicaballet.com\/wp-content\/uploads\/2024\/05\/Soulbody-Vienna-300x200.jpg 300w, https:\/\/www.dinamicaballet.com\/wp-content\/uploads\/2024\/05\/Soulbody-Vienna-1024x683.jpg 1024w, https:\/\/www.dinamicaballet.com\/wp-content\/uploads\/2024\/05\/Soulbody-Vienna-768x512.jpg 768w, https:\/\/www.dinamicaballet.com\/wp-content\/uploads\/2024\/05\/Soulbody-Vienna-500x333.jpg 500w, https:\/\/www.dinamicaballet.com\/wp-content\/uploads\/2024\/05\/Soulbody-Vienna-800x533.jpg 800w, https:\/\/www.dinamicaballet.com\/wp-content\/uploads\/2024\/05\/Soulbody-Vienna-600x400.jpg 600w\" sizes=\"auto, (max-width: 1200px) 100vw, 1200px\" \/><\/a><\/div><div class=\"gb-block-post-grid-text\"><header class=\"gb-block-post-grid-header\"><h3 class=\"gb-block-post-grid-title\"><a href=\"https:\/\/www.dinamicaballet.com\/it\/soulbody-vienna-movimento-consapevole-per-corpo-e-anima\/\" rel=\"bookmark\">SOULBODY VIENNA, movimento consapevole per corpo e anima<\/a><\/h3><div class=\"gb-block-post-grid-byline\"><\/div><\/header><div class=\"gb-block-post-grid-excerpt\"><p>SOULBODY VIENNA \u00e8 il sogno diventato realt\u00e0 di Isabelle e Anika, due appassionate imprenditrici che hanno creato il loro studio nel vivace quartiere di Seestadt, nel cuore della capitale austriaca. Le fondatrici di SOULBODY VIENNA si sono&hellip;<\/p>\n<\/div><\/div><\/article>\n<article id=\"post-74147\" class=\"gb-post-grid-item post-74147 post type-post status-publish format-standard has-post-thumbnail hentry category-progetti-secondari with-featured-image\"><div class=\"gb-block-post-grid-image\"><a href=\"https:\/\/www.dinamicaballet.com\/it\/athletic-studio-ginevra\/\" rel=\"bookmark\" aria-hidden=\"true\" tabindex=\"-1\"><img loading=\"lazy\" decoding=\"async\" width=\"1200\" height=\"800\" src=\"https:\/\/www.dinamicaballet.com\/wp-content\/uploads\/2022\/06\/Athletic-Studio-Dinamica.png\" class=\"attachment-full size-full\" alt=\"\" srcset=\"https:\/\/www.dinamicaballet.com\/wp-content\/uploads\/2022\/06\/Athletic-Studio-Dinamica.png 1200w, https:\/\/www.dinamicaballet.com\/wp-content\/uploads\/2022\/06\/Athletic-Studio-Dinamica-300x200.png 300w, https:\/\/www.dinamicaballet.com\/wp-content\/uploads\/2022\/06\/Athletic-Studio-Dinamica-1024x683.png 1024w, https:\/\/www.dinamicaballet.com\/wp-content\/uploads\/2022\/06\/Athletic-Studio-Dinamica-768x512.png 768w, https:\/\/www.dinamicaballet.com\/wp-content\/uploads\/2022\/06\/Athletic-Studio-Dinamica-500x333.png 500w, https:\/\/www.dinamicaballet.com\/wp-content\/uploads\/2022\/06\/Athletic-Studio-Dinamica-800x533.png 800w, https:\/\/www.dinamicaballet.com\/wp-content\/uploads\/2022\/06\/Athletic-Studio-Dinamica-600x400.png 600w\" sizes=\"auto, (max-width: 1200px) 100vw, 1200px\" \/><\/a><\/div><div class=\"gb-block-post-grid-text\"><header class=\"gb-block-post-grid-header\"><h3 class=\"gb-block-post-grid-title\"><a href=\"https:\/\/www.dinamicaballet.com\/it\/athletic-studio-ginevra\/\" rel=\"bookmark\">Athletic Studio, una visione olistica dell\u2019allenamento personalizzato a Ginevra<\/a><\/h3><div class=\"gb-block-post-grid-byline\"><\/div><\/header><div class=\"gb-block-post-grid-excerpt\"><p>I prodotti di Dinamica Ballet si possono trovare in varie accademie e compagnie di danza in tutti e cinque i continenti del pianeta, ma sempre pi\u00fa spesso le nostre sbarre e i nostri specchi vanno oltre la&hellip;<\/p>\n<\/div><\/div><\/article>\n<article id=\"post-11786\" class=\"gb-post-grid-item post-11786 post type-post status-publish format-standard has-post-thumbnail hentry category-progetti-secondari with-featured-image\"><div class=\"gb-block-post-grid-image\"><a href=\"https:\/\/www.dinamicaballet.com\/it\/tanzzentrum-hiltrup-progetto\/\" rel=\"bookmark\" aria-hidden=\"true\" tabindex=\"-1\"><img loading=\"lazy\" decoding=\"async\" width=\"1200\" height=\"800\" src=\"https:\/\/www.dinamicaballet.com\/wp-content\/uploads\/2021\/07\/TanzHiltrup-Dinamica-Ballet.png\" class=\"attachment-full size-full\" alt=\"\" srcset=\"https:\/\/www.dinamicaballet.com\/wp-content\/uploads\/2021\/07\/TanzHiltrup-Dinamica-Ballet.png 1200w, https:\/\/www.dinamicaballet.com\/wp-content\/uploads\/2021\/07\/TanzHiltrup-Dinamica-Ballet-300x200.png 300w, https:\/\/www.dinamicaballet.com\/wp-content\/uploads\/2021\/07\/TanzHiltrup-Dinamica-Ballet-1024x683.png 1024w, https:\/\/www.dinamicaballet.com\/wp-content\/uploads\/2021\/07\/TanzHiltrup-Dinamica-Ballet-768x512.png 768w, https:\/\/www.dinamicaballet.com\/wp-content\/uploads\/2021\/07\/TanzHiltrup-Dinamica-Ballet-500x333.png 500w, https:\/\/www.dinamicaballet.com\/wp-content\/uploads\/2021\/07\/TanzHiltrup-Dinamica-Ballet-800x533.png 800w, https:\/\/www.dinamicaballet.com\/wp-content\/uploads\/2021\/07\/TanzHiltrup-Dinamica-Ballet-600x400.png 600w\" sizes=\"auto, (max-width: 1200px) 100vw, 1200px\" \/><\/a><\/div><div class=\"gb-block-post-grid-text\"><header class=\"gb-block-post-grid-header\"><h3 class=\"gb-block-post-grid-title\"><a href=\"https:\/\/www.dinamicaballet.com\/it\/tanzzentrum-hiltrup-progetto\/\" rel=\"bookmark\">TanzZentrum Hiltrup Progetto<\/a><\/h3><div class=\"gb-block-post-grid-byline\"><\/div><\/header><div class=\"gb-block-post-grid-excerpt\"><p>I sogni possono diventare realt\u00e0 e Sandra Landweher, fondatrice del TanzZentrum Hiltrup ce lo pu\u00f2 dimostrare.  L\u2019ambizione nutrita da anni di creare un centro di danza finalmente \u00e9 stata raggiunta nel 2013. <\/p>\n<\/div><\/div><\/article>\n<article id=\"post-11804\" class=\"gb-post-grid-item post-11804 post type-post status-publish format-standard has-post-thumbnail hentry category-progetti-secondari with-featured-image\"><div class=\"gb-block-post-grid-image\"><a href=\"https:\/\/www.dinamicaballet.com\/it\/institute-of-the-arts-barcelona-progetto\/\" rel=\"bookmark\" aria-hidden=\"true\" tabindex=\"-1\"><img loading=\"lazy\" decoding=\"async\" width=\"1200\" height=\"800\" src=\"https:\/\/www.dinamicaballet.com\/wp-content\/uploads\/2021\/07\/Institute-of-Arts-min.png\" class=\"attachment-full size-full\" alt=\"\" srcset=\"https:\/\/www.dinamicaballet.com\/wp-content\/uploads\/2021\/07\/Institute-of-Arts-min.png 1200w, https:\/\/www.dinamicaballet.com\/wp-content\/uploads\/2021\/07\/Institute-of-Arts-min-300x200.png 300w, https:\/\/www.dinamicaballet.com\/wp-content\/uploads\/2021\/07\/Institute-of-Arts-min-1024x683.png 1024w, https:\/\/www.dinamicaballet.com\/wp-content\/uploads\/2021\/07\/Institute-of-Arts-min-768x512.png 768w, https:\/\/www.dinamicaballet.com\/wp-content\/uploads\/2021\/07\/Institute-of-Arts-min-500x333.png 500w, https:\/\/www.dinamicaballet.com\/wp-content\/uploads\/2021\/07\/Institute-of-Arts-min-800x533.png 800w, https:\/\/www.dinamicaballet.com\/wp-content\/uploads\/2021\/07\/Institute-of-Arts-min-600x400.png 600w\" sizes=\"auto, (max-width: 1200px) 100vw, 1200px\" \/><\/a><\/div><div class=\"gb-block-post-grid-text\"><header class=\"gb-block-post-grid-header\"><h3 class=\"gb-block-post-grid-title\"><a href=\"https:\/\/www.dinamicaballet.com\/it\/institute-of-the-arts-barcelona-progetto\/\" rel=\"bookmark\">Institute of the Arts Barcelona Progetto<\/a><\/h3><div class=\"gb-block-post-grid-byline\"><\/div><\/header><div class=\"gb-block-post-grid-excerpt\"><p>L\u2019Institute of the Arts Barcelona \u00e9 stato fondato recentemente nel 2013 nellac itt\u00e0 costiera di Sitges rinomata per la sua bellezza paesaggistica e ricchezza culturale e a solo mezz\u2019ora di distanza da Barcellona.<\/p>\n<\/div><\/div><\/article>\n<article id=\"post-11820\" class=\"gb-post-grid-item post-11820 post type-post status-publish format-standard has-post-thumbnail hentry category-progetti-secondari with-featured-image\"><div class=\"gb-block-post-grid-image\"><a href=\"https:\/\/www.dinamicaballet.com\/it\/performing-center-austria-progetto\/\" rel=\"bookmark\" aria-hidden=\"true\" tabindex=\"-1\"><img loading=\"lazy\" decoding=\"async\" width=\"1200\" height=\"800\" src=\"https:\/\/www.dinamicaballet.com\/wp-content\/uploads\/2021\/07\/Performance-Center-Austria.png\" class=\"attachment-full size-full\" alt=\"\" srcset=\"https:\/\/www.dinamicaballet.com\/wp-content\/uploads\/2021\/07\/Performance-Center-Austria.png 1200w, https:\/\/www.dinamicaballet.com\/wp-content\/uploads\/2021\/07\/Performance-Center-Austria-300x200.png 300w, https:\/\/www.dinamicaballet.com\/wp-content\/uploads\/2021\/07\/Performance-Center-Austria-1024x683.png 1024w, https:\/\/www.dinamicaballet.com\/wp-content\/uploads\/2021\/07\/Performance-Center-Austria-768x512.png 768w, https:\/\/www.dinamicaballet.com\/wp-content\/uploads\/2021\/07\/Performance-Center-Austria-500x333.png 500w, https:\/\/www.dinamicaballet.com\/wp-content\/uploads\/2021\/07\/Performance-Center-Austria-800x533.png 800w, https:\/\/www.dinamicaballet.com\/wp-content\/uploads\/2021\/07\/Performance-Center-Austria-600x400.png 600w\" sizes=\"auto, (max-width: 1200px) 100vw, 1200px\" \/><\/a><\/div><div class=\"gb-block-post-grid-text\"><header class=\"gb-block-post-grid-header\"><h3 class=\"gb-block-post-grid-title\"><a href=\"https:\/\/www.dinamicaballet.com\/it\/performing-center-austria-progetto\/\" rel=\"bookmark\">Performing Center Austria Progetto<\/a><\/h3><div class=\"gb-block-post-grid-byline\"><\/div><\/header><div class=\"gb-block-post-grid-excerpt\"><p>Da pi\u00fa di 40 anni il Performing Center Austria rappresenta il centro principale dove si svolgono corsi di danza di tutti i tipi e corsi di formazione musicale a livello professionale. <\/p>\n<\/div><\/div><\/article>\n<article id=\"post-11840\" class=\"gb-post-grid-item post-11840 post type-post status-publish format-standard has-post-thumbnail hentry category-progetti-secondari with-featured-image\"><div class=\"gb-block-post-grid-image\"><a href=\"https:\/\/www.dinamicaballet.com\/it\/lavant-scene-dance-centre-progetto\/\" rel=\"bookmark\" aria-hidden=\"true\" tabindex=\"-1\"><img loading=\"lazy\" decoding=\"async\" width=\"1200\" height=\"800\" src=\"https:\/\/www.dinamicaballet.com\/wp-content\/uploads\/2021\/07\/Avant-Scene-New-Caledonia-Dinamica-Ballet-min.png\" class=\"attachment-full size-full\" alt=\"Avant Scene | Dinamica Ballet\" srcset=\"https:\/\/www.dinamicaballet.com\/wp-content\/uploads\/2021\/07\/Avant-Scene-New-Caledonia-Dinamica-Ballet-min.png 1200w, https:\/\/www.dinamicaballet.com\/wp-content\/uploads\/2021\/07\/Avant-Scene-New-Caledonia-Dinamica-Ballet-min-300x200.png 300w, https:\/\/www.dinamicaballet.com\/wp-content\/uploads\/2021\/07\/Avant-Scene-New-Caledonia-Dinamica-Ballet-min-1024x683.png 1024w, https:\/\/www.dinamicaballet.com\/wp-content\/uploads\/2021\/07\/Avant-Scene-New-Caledonia-Dinamica-Ballet-min-768x512.png 768w, https:\/\/www.dinamicaballet.com\/wp-content\/uploads\/2021\/07\/Avant-Scene-New-Caledonia-Dinamica-Ballet-min-500x333.png 500w, https:\/\/www.dinamicaballet.com\/wp-content\/uploads\/2021\/07\/Avant-Scene-New-Caledonia-Dinamica-Ballet-min-800x533.png 800w, https:\/\/www.dinamicaballet.com\/wp-content\/uploads\/2021\/07\/Avant-Scene-New-Caledonia-Dinamica-Ballet-min-600x400.png 600w\" sizes=\"auto, (max-width: 1200px) 100vw, 1200px\" \/><\/a><\/div><div class=\"gb-block-post-grid-text\"><header class=\"gb-block-post-grid-header\"><h3 class=\"gb-block-post-grid-title\"><a href=\"https:\/\/www.dinamicaballet.com\/it\/lavant-scene-dance-centre-progetto\/\" rel=\"bookmark\">L\u2019Avant-Sc\u00e8ne Dance Centre Progetto<\/a><\/h3><div class=\"gb-block-post-grid-byline\"><\/div><\/header><div class=\"gb-block-post-grid-excerpt\"><p>Fondato e diretto da Sthan Kaber Louet, l\u2019Avant Scene Dance Centre, istituito nel 2016 e situato nei distretti del sud di Noumea Nuova Caledonia. <\/p>\n<\/div><\/div><\/article>\n<article id=\"post-11856\" class=\"gb-post-grid-item post-11856 post type-post status-publish format-standard has-post-thumbnail hentry category-progetti-secondari with-featured-image\"><div class=\"gb-block-post-grid-image\"><a href=\"https:\/\/www.dinamicaballet.com\/it\/conservatorio-di-atene\/\" rel=\"bookmark\" aria-hidden=\"true\" tabindex=\"-1\"><img loading=\"lazy\" decoding=\"async\" width=\"1200\" height=\"800\" src=\"https:\/\/www.dinamicaballet.com\/wp-content\/uploads\/2021\/07\/Conservatorio-de-Atenas.png\" class=\"attachment-full size-full\" alt=\"\" srcset=\"https:\/\/www.dinamicaballet.com\/wp-content\/uploads\/2021\/07\/Conservatorio-de-Atenas.png 1200w, https:\/\/www.dinamicaballet.com\/wp-content\/uploads\/2021\/07\/Conservatorio-de-Atenas-300x200.png 300w, https:\/\/www.dinamicaballet.com\/wp-content\/uploads\/2021\/07\/Conservatorio-de-Atenas-1024x683.png 1024w, https:\/\/www.dinamicaballet.com\/wp-content\/uploads\/2021\/07\/Conservatorio-de-Atenas-768x512.png 768w, https:\/\/www.dinamicaballet.com\/wp-content\/uploads\/2021\/07\/Conservatorio-de-Atenas-500x333.png 500w, https:\/\/www.dinamicaballet.com\/wp-content\/uploads\/2021\/07\/Conservatorio-de-Atenas-800x533.png 800w, https:\/\/www.dinamicaballet.com\/wp-content\/uploads\/2021\/07\/Conservatorio-de-Atenas-600x400.png 600w\" sizes=\"auto, (max-width: 1200px) 100vw, 1200px\" \/><\/a><\/div><div class=\"gb-block-post-grid-text\"><header class=\"gb-block-post-grid-header\"><h3 class=\"gb-block-post-grid-title\"><a href=\"https:\/\/www.dinamicaballet.com\/it\/conservatorio-di-atene\/\" rel=\"bookmark\">Conservatorio di Atene<\/a><\/h3><div class=\"gb-block-post-grid-byline\"><\/div><\/header><div class=\"gb-block-post-grid-excerpt\"><p>Il Conservatorio di Atene fu fondato nel 1871 come organizzazione senza scopo di lucro ed \u00e8 la pi\u00f9 antica istituzione educativa delle arti dello spettacolo nella Grecia moderna.<\/p>\n<\/div><\/div><\/article>\n<article id=\"post-11871\" class=\"gb-post-grid-item post-11871 post type-post status-publish format-standard has-post-thumbnail hentry category-progetti-secondari with-featured-image\"><div class=\"gb-block-post-grid-image\"><a href=\"https:\/\/www.dinamicaballet.com\/it\/corporis-fabrica-paris\/\" rel=\"bookmark\" aria-hidden=\"true\" tabindex=\"-1\"><img loading=\"lazy\" decoding=\"async\" width=\"1200\" height=\"800\" src=\"https:\/\/www.dinamicaballet.com\/wp-content\/uploads\/2021\/07\/Corporis-Fabrica.png\" class=\"attachment-full size-full\" alt=\"Corporis Fabrica\" srcset=\"https:\/\/www.dinamicaballet.com\/wp-content\/uploads\/2021\/07\/Corporis-Fabrica.png 1200w, https:\/\/www.dinamicaballet.com\/wp-content\/uploads\/2021\/07\/Corporis-Fabrica-300x200.png 300w, https:\/\/www.dinamicaballet.com\/wp-content\/uploads\/2021\/07\/Corporis-Fabrica-1024x683.png 1024w, https:\/\/www.dinamicaballet.com\/wp-content\/uploads\/2021\/07\/Corporis-Fabrica-768x512.png 768w, https:\/\/www.dinamicaballet.com\/wp-content\/uploads\/2021\/07\/Corporis-Fabrica-500x333.png 500w, https:\/\/www.dinamicaballet.com\/wp-content\/uploads\/2021\/07\/Corporis-Fabrica-800x533.png 800w, https:\/\/www.dinamicaballet.com\/wp-content\/uploads\/2021\/07\/Corporis-Fabrica-600x400.png 600w\" sizes=\"auto, (max-width: 1200px) 100vw, 1200px\" \/><\/a><\/div><div class=\"gb-block-post-grid-text\"><header class=\"gb-block-post-grid-header\"><h3 class=\"gb-block-post-grid-title\"><a href=\"https:\/\/www.dinamicaballet.com\/it\/corporis-fabrica-paris\/\" rel=\"bookmark\">Corporis Fabrica, Paris<\/a><\/h3><div class=\"gb-block-post-grid-byline\"><\/div><\/header><div class=\"gb-block-post-grid-excerpt\"><p>Corporis Fabrica\u00ae \u00e8 un centro di kinesiterapia e attenzione multidisciplinare per artisti di scena, situato nel cuore di Parigi. <\/p>\n<\/div><\/div><\/article>\n<article id=\"post-11768\" class=\"gb-post-grid-item post-11768 post type-post status-publish format-standard has-post-thumbnail hentry category-progetti-secondari with-featured-image\"><div class=\"gb-block-post-grid-image\"><a href=\"https:\/\/www.dinamicaballet.com\/it\/cca-danse-concarneau\/\" rel=\"bookmark\" aria-hidden=\"true\" tabindex=\"-1\"><img loading=\"lazy\" decoding=\"async\" width=\"1200\" height=\"800\" src=\"https:\/\/www.dinamicaballet.com\/wp-content\/uploads\/2021\/07\/CCA-Danse.jpg\" class=\"attachment-full size-full\" alt=\"\" srcset=\"https:\/\/www.dinamicaballet.com\/wp-content\/uploads\/2021\/07\/CCA-Danse.jpg 1200w, https:\/\/www.dinamicaballet.com\/wp-content\/uploads\/2021\/07\/CCA-Danse-300x200.jpg 300w, https:\/\/www.dinamicaballet.com\/wp-content\/uploads\/2021\/07\/CCA-Danse-1024x683.jpg 1024w, https:\/\/www.dinamicaballet.com\/wp-content\/uploads\/2021\/07\/CCA-Danse-768x512.jpg 768w, https:\/\/www.dinamicaballet.com\/wp-content\/uploads\/2021\/07\/CCA-Danse-500x333.jpg 500w, https:\/\/www.dinamicaballet.com\/wp-content\/uploads\/2021\/07\/CCA-Danse-800x533.jpg 800w, https:\/\/www.dinamicaballet.com\/wp-content\/uploads\/2021\/07\/CCA-Danse-600x400.jpg 600w\" sizes=\"auto, (max-width: 1200px) 100vw, 1200px\" \/><\/a><\/div><div class=\"gb-block-post-grid-text\"><header class=\"gb-block-post-grid-header\"><h3 class=\"gb-block-post-grid-title\"><a href=\"https:\/\/www.dinamicaballet.com\/it\/cca-danse-concarneau\/\" rel=\"bookmark\">Studio CCA Danse: la prima scuola di danza classica a Concarneau, in Bretagna<\/a><\/h3><div class=\"gb-block-post-grid-byline\"><\/div><\/header><div class=\"gb-block-post-grid-excerpt\"><p>Qualche mese fa siamo stati contattati da Ronan e Triin per aiutarli a realizzare il loro sogno. <\/p>\n<\/div><\/div><\/article>\n<article id=\"post-11889\" class=\"gb-post-grid-item post-11889 post type-post status-publish format-standard has-post-thumbnail hentry category-progetti-secondari with-featured-image\"><div class=\"gb-block-post-grid-image\"><a href=\"https:\/\/www.dinamicaballet.com\/it\/accademia-ucraina-di-balletto\/\" rel=\"bookmark\" aria-hidden=\"true\" tabindex=\"-1\"><img loading=\"lazy\" decoding=\"async\" width=\"1021\" height=\"681\" src=\"https:\/\/www.dinamicaballet.com\/wp-content\/uploads\/2021\/06\/Accademia-uceaina-di-balletto-2.webp\" class=\"attachment-full size-full\" alt=\"\" srcset=\"https:\/\/www.dinamicaballet.com\/wp-content\/uploads\/2021\/06\/Accademia-uceaina-di-balletto-2.webp 1021w, https:\/\/www.dinamicaballet.com\/wp-content\/uploads\/2021\/06\/Accademia-uceaina-di-balletto-2-300x200.webp 300w, https:\/\/www.dinamicaballet.com\/wp-content\/uploads\/2021\/06\/Accademia-uceaina-di-balletto-2-768x512.webp 768w, https:\/\/www.dinamicaballet.com\/wp-content\/uploads\/2021\/06\/Accademia-uceaina-di-balletto-2-500x333.webp 500w, https:\/\/www.dinamicaballet.com\/wp-content\/uploads\/2021\/06\/Accademia-uceaina-di-balletto-2-800x534.webp 800w, https:\/\/www.dinamicaballet.com\/wp-content\/uploads\/2021\/06\/Accademia-uceaina-di-balletto-2-600x400.webp 600w\" sizes=\"auto, (max-width: 1021px) 100vw, 1021px\" \/><\/a><\/div><div class=\"gb-block-post-grid-text\"><header class=\"gb-block-post-grid-header\"><h3 class=\"gb-block-post-grid-title\"><a href=\"https:\/\/www.dinamicaballet.com\/it\/accademia-ucraina-di-balletto\/\" rel=\"bookmark\">Accademia Ucraina di Balletto<\/a><\/h3><div class=\"gb-block-post-grid-byline\"><\/div><\/header><div class=\"gb-block-post-grid-excerpt\"><p>L\u2019Accademia Ucraina di Balletto forma ormai da 15 anni grandi ballerini diventati oggi professionisti nelle compagnie di danza di tutto il mondo. <\/p>\n<\/div><\/div><\/article>\n<article id=\"post-11908\" class=\"gb-post-grid-item post-11908 post type-post status-publish format-standard has-post-thumbnail hentry category-progetti-secondari with-featured-image\"><div class=\"gb-block-post-grid-image\"><a href=\"https:\/\/www.dinamicaballet.com\/it\/universita-di-richmond-progetto\/\" rel=\"bookmark\" aria-hidden=\"true\" tabindex=\"-1\"><img loading=\"lazy\" decoding=\"async\" width=\"902\" height=\"902\" src=\"https:\/\/www.dinamicaballet.com\/wp-content\/uploads\/2020\/11\/blog_richmon.jpg\" class=\"attachment-full size-full\" alt=\"\" srcset=\"https:\/\/www.dinamicaballet.com\/wp-content\/uploads\/2020\/11\/blog_richmon.jpg 902w, https:\/\/www.dinamicaballet.com\/wp-content\/uploads\/2020\/11\/blog_richmon-300x300.jpg 300w, https:\/\/www.dinamicaballet.com\/wp-content\/uploads\/2020\/11\/blog_richmon-100x100.jpg 100w, https:\/\/www.dinamicaballet.com\/wp-content\/uploads\/2020\/11\/blog_richmon-600x600.jpg 600w, https:\/\/www.dinamicaballet.com\/wp-content\/uploads\/2020\/11\/blog_richmon-150x150.jpg 150w, https:\/\/www.dinamicaballet.com\/wp-content\/uploads\/2020\/11\/blog_richmon-768x768.jpg 768w\" sizes=\"auto, (max-width: 902px) 100vw, 902px\" \/><\/a><\/div><div class=\"gb-block-post-grid-text\"><header class=\"gb-block-post-grid-header\"><h3 class=\"gb-block-post-grid-title\"><a href=\"https:\/\/www.dinamicaballet.com\/it\/universita-di-richmond-progetto\/\" rel=\"bookmark\">Universit\u00e0 di Richmond Progetto<\/a><\/h3><div class=\"gb-block-post-grid-byline\"><\/div><\/header><div class=\"gb-block-post-grid-excerpt\"><p>La lunga storia dell\u2019Universit\u00e0 di Richmond negli Stati Uniti, \u00e8 iniziata con la sua fondazione nel 1830 come Universit\u00e0 delle Arti Liberali.<\/p>\n<\/div><\/div><\/article>\n<article id=\"post-11924\" class=\"gb-post-grid-item post-11924 post type-post status-publish format-standard has-post-thumbnail hentry category-progetti-secondari with-featured-image\"><div class=\"gb-block-post-grid-image\"><a href=\"https:\/\/www.dinamicaballet.com\/it\/centro-coreografico-di-strasbourgo\/\" rel=\"bookmark\" aria-hidden=\"true\" tabindex=\"-1\"><img loading=\"lazy\" decoding=\"async\" width=\"1200\" height=\"800\" src=\"https:\/\/www.dinamicaballet.com\/wp-content\/uploads\/2020\/11\/Centre-Strasbourg.png\" class=\"attachment-full size-full\" alt=\"\" srcset=\"https:\/\/www.dinamicaballet.com\/wp-content\/uploads\/2020\/11\/Centre-Strasbourg.png 1200w, https:\/\/www.dinamicaballet.com\/wp-content\/uploads\/2020\/11\/Centre-Strasbourg-300x200.png 300w, https:\/\/www.dinamicaballet.com\/wp-content\/uploads\/2020\/11\/Centre-Strasbourg-1024x683.png 1024w, https:\/\/www.dinamicaballet.com\/wp-content\/uploads\/2020\/11\/Centre-Strasbourg-768x512.png 768w, https:\/\/www.dinamicaballet.com\/wp-content\/uploads\/2020\/11\/Centre-Strasbourg-500x333.png 500w, https:\/\/www.dinamicaballet.com\/wp-content\/uploads\/2020\/11\/Centre-Strasbourg-800x533.png 800w, https:\/\/www.dinamicaballet.com\/wp-content\/uploads\/2020\/11\/Centre-Strasbourg-600x400.png 600w\" sizes=\"auto, (max-width: 1200px) 100vw, 1200px\" \/><\/a><\/div><div class=\"gb-block-post-grid-text\"><header class=\"gb-block-post-grid-header\"><h3 class=\"gb-block-post-grid-title\"><a href=\"https:\/\/www.dinamicaballet.com\/it\/centro-coreografico-di-strasbourgo\/\" rel=\"bookmark\">Centro Coreografico di Strasburgo<\/a><\/h3><div class=\"gb-block-post-grid-byline\"><\/div><\/header><div class=\"gb-block-post-grid-excerpt\"><p>Il Centro Coreografico della citt\u00e0 di Strasburgo \u00e8 uno stabilimento pubblico di insegnamento artistico che opera come Conservatorio Comunale<\/p>\n<\/div><\/div><\/article>\n<\/div><\/section>\n\n\n<div style=\"height:100px\" aria-hidden=\"true\" class=\"wp-block-spacer\"><\/div>\n","protected":false},"excerpt":{"rendered":"<p>Progetti realizzati Siamo orgogliosi di lavorare con clienti in pi\u00f9 di 50 paesi, da rinomate compagnie di danza a piccoli studi, ma anche teatri, opere, universit\u00e0 o centri sportivi.<\/p>\n","protected":false},"author":1,"featured_media":0,"parent":0,"menu_order":362,"comment_status":"closed","ping_status":"closed","template":"templates\/template-builder.php","meta":{"_editorskit_title_hidden":false,"_editorskit_reading_time":1,"_editorskit_is_block_options_detached":false,"_editorskit_block_options_position":"{}","inline_featured_image":false,"_kad_blocks_custom_css":"","_kad_blocks_head_custom_js":"","_kad_blocks_body_custom_js":"","_kad_blocks_footer_custom_js":"","footnotes":""},"class_list":["post-9986","page","type-page","status-publish","hentry","post","without-featured-image"],"yoast_head":"<!-- This site is optimized with the Yoast SEO plugin v27.4 - https:\/\/yoast.com\/product\/yoast-seo-wordpress\/ -->\n<title>Progetti | Dinamica Ballet<\/title>\n<meta name=\"description\" content=\"Siamo orgogliosi di lavorare con clienti di 50 paesi, da rinomate compagnie di danza a piccoli studi, ma anche teatri o centri sportivi.\" \/>\n<meta name=\"robots\" content=\"index, follow, max-snippet:-1, max-image-preview:large, max-video-preview:-1\" \/>\n<link rel=\"canonical\" href=\"https:\/\/www.dinamicaballet.com\/it\/progetti\/\" \/>\n<meta property=\"og:locale\" content=\"it_IT\" \/>\n<meta property=\"og:type\" content=\"article\" \/>\n<meta property=\"og:title\" content=\"Progetti | Dinamica Ballet\" \/>\n<meta property=\"og:description\" content=\"Siamo orgogliosi di lavorare con clienti di 50 paesi, da rinomate compagnie di danza a piccoli studi, ma anche teatri o centri sportivi.\" \/>\n<meta property=\"og:url\" content=\"https:\/\/www.dinamicaballet.com\/it\/progetti\/\" \/>\n<meta property=\"og:site_name\" content=\"Dinamica Ballet\" \/>\n<meta property=\"article:publisher\" content=\"https:\/\/www.facebook.com\/dinamicaballet\" \/>\n<meta property=\"article:modified_time\" content=\"2025-07-25T13:42:02+00:00\" \/>\n<meta property=\"og:image\" content=\"https:\/\/www.dinamicaballet.com\/wp-content\/uploads\/2021\/07\/dinamica_destacado_ucraina_di_balletto.jpg\" \/>\n\t<meta property=\"og:image:width\" content=\"1294\" \/>\n\t<meta property=\"og:image:height\" content=\"571\" \/>\n\t<meta property=\"og:image:type\" content=\"image\/jpeg\" \/>\n<meta name=\"twitter:card\" content=\"summary_large_image\" \/>\n<meta name=\"twitter:label1\" content=\"Tempo di lettura stimato\" \/>\n\t<meta name=\"twitter:data1\" content=\"1 minuto\" \/>\n<script type=\"application\/ld+json\" class=\"yoast-schema-graph\">{\"@context\":\"https:\\\/\\\/schema.org\",\"@graph\":[{\"@type\":\"WebPage\",\"@id\":\"https:\\\/\\\/www.dinamicaballet.com\\\/it\\\/progetti\\\/\",\"url\":\"https:\\\/\\\/www.dinamicaballet.com\\\/it\\\/progetti\\\/\",\"name\":\"Progetti | Dinamica Ballet\",\"isPartOf\":{\"@id\":\"https:\\\/\\\/www.dinamicaballet.com\\\/it\\\/#website\"},\"primaryImageOfPage\":{\"@id\":\"https:\\\/\\\/www.dinamicaballet.com\\\/it\\\/progetti\\\/#primaryimage\"},\"image\":{\"@id\":\"https:\\\/\\\/www.dinamicaballet.com\\\/it\\\/progetti\\\/#primaryimage\"},\"thumbnailUrl\":\"https:\\\/\\\/www.dinamicaballet.com\\\/wp-content\\\/uploads\\\/2021\\\/07\\\/dinamica_destacado_ucraina_di_balletto.jpg\",\"datePublished\":\"2022-01-10T14:50:48+00:00\",\"dateModified\":\"2025-07-25T13:42:02+00:00\",\"description\":\"Siamo orgogliosi di lavorare con clienti di 50 paesi, da rinomate compagnie di danza a piccoli studi, ma anche teatri o centri sportivi.\",\"inLanguage\":\"it-IT\",\"potentialAction\":[{\"@type\":\"ReadAction\",\"target\":[\"https:\\\/\\\/www.dinamicaballet.com\\\/it\\\/progetti\\\/\"]}]},{\"@type\":\"ImageObject\",\"inLanguage\":\"it-IT\",\"@id\":\"https:\\\/\\\/www.dinamicaballet.com\\\/it\\\/progetti\\\/#primaryimage\",\"url\":\"https:\\\/\\\/www.dinamicaballet.com\\\/wp-content\\\/uploads\\\/2021\\\/07\\\/dinamica_destacado_ucraina_di_balletto.jpg\",\"contentUrl\":\"https:\\\/\\\/www.dinamicaballet.com\\\/wp-content\\\/uploads\\\/2021\\\/07\\\/dinamica_destacado_ucraina_di_balletto.jpg\"},{\"@type\":\"WebSite\",\"@id\":\"https:\\\/\\\/www.dinamicaballet.com\\\/it\\\/#website\",\"url\":\"https:\\\/\\\/www.dinamicaballet.com\\\/it\\\/\",\"name\":\"Dinamica Ballet\",\"description\":\"Especialistas en barras de ballet y espejos para la danza\",\"publisher\":{\"@id\":\"https:\\\/\\\/www.dinamicaballet.com\\\/it\\\/#organization\"},\"potentialAction\":[{\"@type\":\"SearchAction\",\"target\":{\"@type\":\"EntryPoint\",\"urlTemplate\":\"https:\\\/\\\/www.dinamicaballet.com\\\/it\\\/?s={search_term_string}\"},\"query-input\":{\"@type\":\"PropertyValueSpecification\",\"valueRequired\":true,\"valueName\":\"search_term_string\"}}],\"inLanguage\":\"it-IT\"},{\"@type\":\"Organization\",\"@id\":\"https:\\\/\\\/www.dinamicaballet.com\\\/it\\\/#organization\",\"name\":\"Dinamica Ballet\",\"url\":\"https:\\\/\\\/www.dinamicaballet.com\\\/it\\\/\",\"logo\":{\"@type\":\"ImageObject\",\"inLanguage\":\"it-IT\",\"@id\":\"https:\\\/\\\/www.dinamicaballet.com\\\/it\\\/#\\\/schema\\\/logo\\\/image\\\/\",\"url\":\"https:\\\/\\\/www.dinamicaballet.com\\\/wp-content\\\/uploads\\\/2022\\\/03\\\/logo_dinamica_ballet.svg\",\"contentUrl\":\"https:\\\/\\\/www.dinamicaballet.com\\\/wp-content\\\/uploads\\\/2022\\\/03\\\/logo_dinamica_ballet.svg\",\"width\":284,\"height\":51,\"caption\":\"Dinamica Ballet\"},\"image\":{\"@id\":\"https:\\\/\\\/www.dinamicaballet.com\\\/it\\\/#\\\/schema\\\/logo\\\/image\\\/\"},\"sameAs\":[\"https:\\\/\\\/www.facebook.com\\\/dinamicaballet\",\"https:\\\/\\\/www.instagram.com\\\/dinamicaballet\\\/\",\"http:\\\/\\\/www.linkedin.com\\\/company\\\/dinamica-ballet\",\"https:\\\/\\\/www.pinterest.com\\\/DinamicaBallet\\\/\"]}]}<\/script>\n<!-- \/ Yoast SEO plugin. -->","yoast_head_json":{"title":"Progetti | Dinamica Ballet","description":"Siamo orgogliosi di lavorare con clienti di 50 paesi, da rinomate compagnie di danza a piccoli studi, ma anche teatri o centri sportivi.","robots":{"index":"index","follow":"follow","max-snippet":"max-snippet:-1","max-image-preview":"max-image-preview:large","max-video-preview":"max-video-preview:-1"},"canonical":"https:\/\/www.dinamicaballet.com\/it\/progetti\/","og_locale":"it_IT","og_type":"article","og_title":"Progetti | Dinamica Ballet","og_description":"Siamo orgogliosi di lavorare con clienti di 50 paesi, da rinomate compagnie di danza a piccoli studi, ma anche teatri o centri sportivi.","og_url":"https:\/\/www.dinamicaballet.com\/it\/progetti\/","og_site_name":"Dinamica Ballet","article_publisher":"https:\/\/www.facebook.com\/dinamicaballet","article_modified_time":"2025-07-25T13:42:02+00:00","og_image":[{"width":1294,"height":571,"url":"https:\/\/www.dinamicaballet.com\/wp-content\/uploads\/2021\/07\/dinamica_destacado_ucraina_di_balletto.jpg","type":"image\/jpeg"}],"twitter_card":"summary_large_image","twitter_misc":{"Tempo di lettura stimato":"1 minuto"},"schema":{"@context":"https:\/\/schema.org","@graph":[{"@type":"WebPage","@id":"https:\/\/www.dinamicaballet.com\/it\/progetti\/","url":"https:\/\/www.dinamicaballet.com\/it\/progetti\/","name":"Progetti | Dinamica Ballet","isPartOf":{"@id":"https:\/\/www.dinamicaballet.com\/it\/#website"},"primaryImageOfPage":{"@id":"https:\/\/www.dinamicaballet.com\/it\/progetti\/#primaryimage"},"image":{"@id":"https:\/\/www.dinamicaballet.com\/it\/progetti\/#primaryimage"},"thumbnailUrl":"https:\/\/www.dinamicaballet.com\/wp-content\/uploads\/2021\/07\/dinamica_destacado_ucraina_di_balletto.jpg","datePublished":"2022-01-10T14:50:48+00:00","dateModified":"2025-07-25T13:42:02+00:00","description":"Siamo orgogliosi di lavorare con clienti di 50 paesi, da rinomate compagnie di danza a piccoli studi, ma anche teatri o centri sportivi.","inLanguage":"it-IT","potentialAction":[{"@type":"ReadAction","target":["https:\/\/www.dinamicaballet.com\/it\/progetti\/"]}]},{"@type":"ImageObject","inLanguage":"it-IT","@id":"https:\/\/www.dinamicaballet.com\/it\/progetti\/#primaryimage","url":"https:\/\/www.dinamicaballet.com\/wp-content\/uploads\/2021\/07\/dinamica_destacado_ucraina_di_balletto.jpg","contentUrl":"https:\/\/www.dinamicaballet.com\/wp-content\/uploads\/2021\/07\/dinamica_destacado_ucraina_di_balletto.jpg"},{"@type":"WebSite","@id":"https:\/\/www.dinamicaballet.com\/it\/#website","url":"https:\/\/www.dinamicaballet.com\/it\/","name":"Dinamica Ballet","description":"Especialistas en barras de ballet y espejos para la danza","publisher":{"@id":"https:\/\/www.dinamicaballet.com\/it\/#organization"},"potentialAction":[{"@type":"SearchAction","target":{"@type":"EntryPoint","urlTemplate":"https:\/\/www.dinamicaballet.com\/it\/?s={search_term_string}"},"query-input":{"@type":"PropertyValueSpecification","valueRequired":true,"valueName":"search_term_string"}}],"inLanguage":"it-IT"},{"@type":"Organization","@id":"https:\/\/www.dinamicaballet.com\/it\/#organization","name":"Dinamica Ballet","url":"https:\/\/www.dinamicaballet.com\/it\/","logo":{"@type":"ImageObject","inLanguage":"it-IT","@id":"https:\/\/www.dinamicaballet.com\/it\/#\/schema\/logo\/image\/","url":"https:\/\/www.dinamicaballet.com\/wp-content\/uploads\/2022\/03\/logo_dinamica_ballet.svg","contentUrl":"https:\/\/www.dinamicaballet.com\/wp-content\/uploads\/2022\/03\/logo_dinamica_ballet.svg","width":284,"height":51,"caption":"Dinamica Ballet"},"image":{"@id":"https:\/\/www.dinamicaballet.com\/it\/#\/schema\/logo\/image\/"},"sameAs":["https:\/\/www.facebook.com\/dinamicaballet","https:\/\/www.instagram.com\/dinamicaballet\/","http:\/\/www.linkedin.com\/company\/dinamica-ballet","https:\/\/www.pinterest.com\/DinamicaBallet\/"]}]}},"taxonomy_info":[],"featured_image_src_large":false,"author_info":{"display_name":false,"author_link":"https:\/\/www.dinamicaballet.com\/it\/author\/ideadmin\/"},"comment_info":0,"featured_image_src":null,"featured_image_src_square":null,"_links":{"self":[{"href":"https:\/\/www.dinamicaballet.com\/it\/wp-json\/wp\/v2\/pages\/9986","targetHints":{"allow":["GET"]}}],"collection":[{"href":"https:\/\/www.dinamicaballet.com\/it\/wp-json\/wp\/v2\/pages"}],"about":[{"href":"https:\/\/www.dinamicaballet.com\/it\/wp-json\/wp\/v2\/types\/page"}],"author":[{"embeddable":true,"href":"https:\/\/www.dinamicaballet.com\/it\/wp-json\/wp\/v2\/users\/1"}],"replies":[{"embeddable":true,"href":"https:\/\/www.dinamicaballet.com\/it\/wp-json\/wp\/v2\/comments?post=9986"}],"version-history":[{"count":10,"href":"https:\/\/www.dinamicaballet.com\/it\/wp-json\/wp\/v2\/pages\/9986\/revisions"}],"predecessor-version":[{"id":103931,"href":"https:\/\/www.dinamicaballet.com\/it\/wp-json\/wp\/v2\/pages\/9986\/revisions\/103931"}],"wp:attachment":[{"href":"https:\/\/www.dinamicaballet.com\/it\/wp-json\/wp\/v2\/media?parent=9986"}],"curies":[{"name":"wp","href":"https:\/\/api.w.org\/{rel}","templated":true}]}}